{"id":10,"date":"2021-05-26T13:51:01","date_gmt":"2021-05-26T11:51:01","guid":{"rendered":"http:\/\/komornikkoscierzyna.testyxtraweb.pl\/?page_id=10"},"modified":"2021-06-07T13:47:33","modified_gmt":"2021-06-07T11:47:33","slug":"wlasciwosc","status":"publish","type":"page","link":"https:\/\/komornikkoscierzyna.com\/index.php\/wlasciwosc\/","title":{"rendered":"W\u0142a\u015bciwo\u015b\u0107"},"content":{"rendered":"\t\t<div data-elementor-type=\"wp-page\" data-elementor-id=\"10\" class=\"elementor elementor-10\" data-elementor-settings=\"[]\">\n\t\t\t\t\t\t<div class=\"elementor-inner\">\n\t\t\t\t\t\t\t<div class=\"elementor-section-wrap\">\n\t\t\t\t\t\t\t<section class=\"elementor-section elementor-top-section elementor-element elementor-element-f09582f elementor-section-full_width elementor-section-height-default elementor-section-height-default\" data-id=\"f09582f\" data-element_type=\"section\">\n\t\t\t\t\t\t<div class=\"elementor-container elementor-column-gap-default\">\n\t\t\t\t\t\t\t<div class=\"elementor-row\">\n\t\t\t\t\t<div class=\"elementor-column elementor-col-100 elementor-top-column elementor-element elementor-element-6759d42\" data-id=\"6759d42\" data-element_type=\"column\">\n\t\t\t<div class=\"elementor-column-wrap elementor-element-populated\">\n\t\t\t\t\t\t\t<div class=\"elementor-widget-wrap\">\n\t\t\t\t\t\t<div class=\"elementor-element elementor-element-d4c340d elementor-invisible elementor-widget elementor-widget-heading\" data-id=\"d4c340d\" data-element_type=\"widget\" data-settings=\"{&quot;_animation&quot;:&quot;fadeIn&quot;}\" data-widget_type=\"heading.default\">\n\t\t\t\t<div class=\"elementor-widget-container\">\n\t\t\t<h2 class=\"elementor-heading-title elementor-size-default\">W\u0142a\u015bciwo\u015b\u0107<\/h2>\t\t<\/div>\n\t\t\t\t<\/div>\n\t\t\t\t<div class=\"elementor-element elementor-element-1cc85fe elementor-widget-divider--view-line elementor-widget elementor-widget-divider\" data-id=\"1cc85fe\" data-element_type=\"widget\" data-widget_type=\"divider.default\">\n\t\t\t\t<div class=\"elementor-widget-container\">\n\t\t\t\t\t<div class=\"elementor-divider\">\n\t\t\t<span class=\"elementor-divider-separator\">\n\t\t\t\t\t\t<\/span>\n\t\t<\/div>\n\t\t\t\t<\/div>\n\t\t\t\t<\/div>\n\t\t\t\t<div class=\"elementor-element elementor-element-e76ee9d elementor-invisible elementor-widget elementor-widget-heading\" data-id=\"e76ee9d\" data-element_type=\"widget\" data-settings=\"{&quot;_animation&quot;:&quot;fadeIn&quot;,&quot;_animation_delay&quot;:400}\" data-widget_type=\"heading.default\">\n\t\t\t\t<div class=\"elementor-widget-container\">\n\t\t\t<h2 class=\"elementor-heading-title elementor-size-default\">Komornik S\u0105dowy Mateusz Zar\u0119bski prowadzi w granicach w\u0142a\u015bciwo\u015bci S\u0105du Rejonowego w Ko\u015bcierzynie egzekucj\u0119 wszystkich spraw, w tym sprawy o egzekucj\u0119 z nieruchomo\u015bci oraz eksmisje.<\/h2>\t\t<\/div>\n\t\t\t\t<\/div>\n\t\t\t\t<section class=\"elementor-section elementor-inner-section elementor-element elementor-element-fc60bb6 elementor-section-full_width elementor-section-height-default elementor-section-height-default\" data-id=\"fc60bb6\" data-element_type=\"section\">\n\t\t\t\t\t\t<div class=\"elementor-container elementor-column-gap-default\">\n\t\t\t\t\t\t\t<div class=\"elementor-row\">\n\t\t\t\t\t<div class=\"elementor-column elementor-col-50 elementor-inner-column elementor-element elementor-element-062f360\" data-id=\"062f360\" data-element_type=\"column\">\n\t\t\t<div class=\"elementor-column-wrap elementor-element-populated\">\n\t\t\t\t\t\t\t<div class=\"elementor-widget-wrap\">\n\t\t\t\t\t\t<div class=\"elementor-element elementor-element-f8c1980 elementor-widget elementor-widget-text-editor\" data-id=\"f8c1980\" data-element_type=\"widget\" data-widget_type=\"text-editor.default\">\n\t\t\t\t<div class=\"elementor-widget-container\">\n\t\t\t\t\t\t\t\t<div class=\"elementor-text-editor elementor-clearfix\">\n\t\t\t\t\t<p>Wierzyciel zgodnie z art.10 ust.1 ustawy z dnia 22 marca 2018 r. o komornikach s\u0105dowych ma prawo wyboru komornika na obszarze w\u0142a\u015bciwo\u015bci s\u0105du apelacyjnego, na kt\u00f3rym znajduje si\u0119 siedziba kancelarii komornika w\u0142a\u015bciwego zgodnie z przepisami ustawy z dnia 17 listopada 1964 r. &#8211; Kodeks post\u0119powania cywilnego, z wyj\u0105tkiem spraw:<br \/>\u00a0 1.O egzekucj\u0119 z nieruchomo\u015bci.<br \/>\u00a0 2.O wydanie nieruchomo\u015bci.<br \/>\u00a0 3.O wprowadzenie w posiadanie nieruchomo\u015bci.<br \/>\u00a0 4.O opr\u00f3\u017cnienie pomieszcze\u0144, w tym lokali mieszkalnych, z os\u00f3b lub rzeczy.<br \/>\u00a0 5.W kt\u00f3rych przepisy o egzekucji z nieruchomo\u015bci stosuje si\u0119 odpowiednio.<\/p><p>Zgodnie z art.10 ust.3 ustawy z dnia 22 marca 2018 r. o komornikach s\u0105dowych Wierzyciel, dokonuj\u0105c wyboru komornika, sk\u0142ada wraz z wnioskiem o wszcz\u0119cie egzekucji o\u015bwiadczenie na pi\u015bmie, \u017ce korzysta z prawa wyboru komornika.<br \/><br \/>Na terenie Apelacji Gda\u0144skiej komornik Mateusz Zar\u0119bski prowadzi sprawy na zasadzie wyboru komornika przez wierzyciela z wyj\u0105tkiem spraw o egzekucj\u0119 z nieruchomo\u015bci, wprowadzenie w posiadanie nieruchomo\u015bci oraz opr\u00f3\u017cnienia lokali z os\u00f3b lub rzeczy.<br \/>Wierzyciel dokonuj\u0105cy wyboru komornika spoza rewiru powinien z\u0142o\u017cy\u0107 wraz z wnioskiem o wszcz\u0119cie egzekucji pisemne o\u015bwiadczenie o korzystaniu z prawa wyboru komornika.<\/p>\t\t\t\t\t<\/div>\n\t\t\t\t\t\t<\/div>\n\t\t\t\t<\/div>\n\t\t\t\t\t\t<\/div>\n\t\t\t\t\t<\/div>\n\t\t<\/div>\n\t\t\t\t<div class=\"elementor-column elementor-col-50 elementor-inner-column elementor-element elementor-element-fbeb9a0\" data-id=\"fbeb9a0\" data-element_type=\"column\">\n\t\t\t<div class=\"elementor-column-wrap elementor-element-populated\">\n\t\t\t\t\t\t\t<div class=\"elementor-widget-wrap\">\n\t\t\t\t\t\t<div class=\"elementor-element elementor-element-e356c10 elementor-widget elementor-widget-text-editor\" data-id=\"e356c10\" data-element_type=\"widget\" data-widget_type=\"text-editor.default\">\n\t\t\t\t<div class=\"elementor-widget-container\">\n\t\t\t\t\t\t\t\t<div class=\"elementor-text-editor elementor-clearfix\">\n\t\t\t\t\t<p>Obszar w\u0142a\u015bciwo\u015bci S\u0105du Apelacyjnego w Gda\u0144sku:<br \/>a) <br \/>S\u0105d Okr\u0119gowy w Bydgoszczy &#8211; obejmuj\u0105cy obszar w\u0142a\u015bciwo\u015bci s\u0105d\u00f3w rejonowych w: Bydgoszczy, Inowroc\u0142awiu, Mogilnie, Nakle nad Noteci\u0105, Szubinie, \u015awieciu, Tucholi i \u017bninie,<br \/>b) <br \/>S\u0105d Okr\u0119gowy w Elbl\u0105gu &#8211; obejmuj\u0105cy obszar w\u0142a\u015bciwo\u015bci s\u0105d\u00f3w rejonowych w: Braniewie, Dzia\u0142dowie, Elbl\u0105gu, I\u0142awie, Nowym Mie\u015bcie Lubawskim i Ostr\u00f3dzie,<br \/>c)<br \/>S\u0105d Okr\u0119gowy w Gda\u0144sku &#8211; obejmuj\u0105cy obszar w\u0142a\u015bciwo\u015bci s\u0105d\u00f3w rejonowych: Gda\u0144sk-Po\u0142udnie w Gda\u0144sku, Gda\u0144sk-P\u00f3\u0142noc w Gda\u0144sku, w Gdyni, Kartuzach, Ko\u015bcierzynie, Kwidzynie, Malborku, Sopocie, Starogardzie Gda\u0144skim, Tczewie i Wejherowie,<br \/>d) <br \/>S\u0105d Okr\u0119gowy w S\u0142upsku &#8211; obejmuj\u0105cy obszar w\u0142a\u015bciwo\u015bci s\u0105d\u00f3w rejonowych w: Bytowie, Chojnicach, Cz\u0142uchowie, L\u0119borku, Miastku i S\u0142upsku,<br \/>e) <br \/>S\u0105d Okr\u0119gowy w Toruniu &#8211; obejmuj\u0105cy obszar w\u0142a\u015bciwo\u015bci s\u0105d\u00f3w rejonowych w: Brodnicy, Che\u0142mnie, Golubiu-Dobrzyniu, Grudzi\u0105dzu, Toruniu i W\u0105brze\u017anie,<br \/>f) <br \/>S\u0105d Okr\u0119gowy we W\u0142oc\u0142awku &#8211; obejmuj\u0105cy obszar w\u0142a\u015bciwo\u015bci s\u0105d\u00f3w rejonowych w: Aleksandrowie Kujawskim, Lipnie, Radziejowie, Rypinie i we W\u0142oc\u0142awku<\/p>\t\t\t\t\t<\/div>\n\t\t\t\t\t\t<\/div>\n\t\t\t\t<\/div>\n\t\t\t\t\t\t<\/div>\n\t\t\t\t\t<\/div>\n\t\t<\/div>\n\t\t\t\t\t\t\t\t<\/div>\n\t\t\t\t\t<\/div>\n\t\t<\/section>\n\t\t\t\t<div class=\"elementor-element elementor-element-27b3f97 elementor-widget elementor-widget-heading\" data-id=\"27b3f97\" data-element_type=\"widget\" data-widget_type=\"heading.default\">\n\t\t\t\t<div class=\"elementor-widget-container\">\n\t\t\t<h2 class=\"elementor-heading-title elementor-size-default\">Zgodnie z art. 8 ust 1 i 2 ustawy o komornikach s\u0105dowych z dnia 22 marca 2018 r. : Komornik dzia\u0142a na obszarze swojego rewiru, z uwzgl\u0119dnieniem art. 10. Rewirem jest obszar w\u0142a\u015bciwo\u015bci s\u0105du rejonowego, przy kt\u00f3rym dzia\u0142a komornik.<\/h2>\t\t<\/div>\n\t\t\t\t<\/div>\n\t\t\t\t<section class=\"elementor-section elementor-inner-section elementor-element elementor-element-e2c30f4 elementor-section-full_width elementor-section-height-default elementor-section-height-default\" data-id=\"e2c30f4\" data-element_type=\"section\">\n\t\t\t\t\t\t<div class=\"elementor-container elementor-column-gap-default\">\n\t\t\t\t\t\t\t<div class=\"elementor-row\">\n\t\t\t\t\t<div class=\"elementor-column elementor-col-50 elementor-inner-column elementor-element elementor-element-904d232\" data-id=\"904d232\" data-element_type=\"column\">\n\t\t\t<div class=\"elementor-column-wrap elementor-element-populated\">\n\t\t\t\t\t\t\t<div class=\"elementor-widget-wrap\">\n\t\t\t\t\t\t<div class=\"elementor-element elementor-element-a36106f elementor-widget elementor-widget-toggle\" data-id=\"a36106f\" data-element_type=\"widget\" data-widget_type=\"toggle.default\">\n\t\t\t\t<div class=\"elementor-widget-container\">\n\t\t\t\t\t<div class=\"elementor-toggle\" role=\"tablist\">\n\t\t\t\t\t\t\t<div class=\"elementor-toggle-item\">\n\t\t\t\t\t<div id=\"elementor-tab-title-1711\" class=\"elementor-tab-title\" data-tab=\"1\" role=\"tab\" aria-controls=\"elementor-tab-content-1711\" aria-expanded=\"false\">\n\t\t\t\t\t\t\t\t\t\t\t\t<span class=\"elementor-toggle-icon elementor-toggle-icon-left\" aria-hidden=\"true\">\n\t\t\t\t\t\t\t\t\t\t\t\t\t\t\t<span class=\"elementor-toggle-icon-closed\"><i class=\"fas fa-caret-right\"><\/i><\/span>\n\t\t\t\t\t\t\t\t<span class=\"elementor-toggle-icon-opened\"><i class=\"elementor-toggle-icon-opened fas fa-caret-up\"><\/i><\/span>\n\t\t\t\t\t\t\t\t\t\t\t\t\t<\/span>\n\t\t\t\t\t\t\t\t\t\t\t\t<a href=\"\" class=\"elementor-toggle-title\">Gmina Dziemiany:<\/a>\n\t\t\t\t\t<\/div>\n\t\t\t\t\t<div id=\"elementor-tab-content-1711\" class=\"elementor-tab-content elementor-clearfix\" data-tab=\"1\" role=\"tabpanel\" aria-labelledby=\"elementor-tab-title-1711\"><p>Abisynia<br \/>Abisynia G\u00f3rska<br \/>Ameryka<br \/>B\u0105k<br \/>Bekasowo<br \/>B\u0119domin<br \/>Bia\u0142a G\u00f3ra<br \/>Bia\u0142e B\u0142ota<br \/>Borsk<br \/>Buchta<br \/>Cisewie<br \/>Czarnowodzianka<br \/>Czyste<br \/>D\u0105browa<br \/>D\u0119bowiec<br \/>G\u00f3rki<br \/>Jasnoch\u00f3wka<br \/>Jeziorna<br \/>Je\u017cewo<br \/>Joniny Du\u017ce<br \/>Joniny Ma\u0142e<br \/>Karsin<br \/>Karsin-Wybudowanie<br \/>K\u0105ty<br \/>Kliczkowy<br \/>Knieja<br \/>Krzywe<br \/>Lipa<br \/>Malary<br \/>Miedzno<br \/>Mniszek<br \/>Mr\u00f3wkowo<br \/>Niebo<br \/>Osowo<br \/>Osowo-Wybudowanie<br \/>Os\u00f3wko<br \/>Ostrzywilk<br \/>Pi\u0105tkowo<br \/>Pionki<br \/>Podr\u0105biona<br \/>Popia G\u00f3ra<br \/>Przyd\u00f3\u0142<br \/>Przytarnia<br \/>Przytarnia-Wybudowanie<br \/>Robaczkowo<br \/>Rogalewo<br \/>Rysiny<br \/>Smolewo<br \/>Wdzydze_Tucholskie<br \/>Wiele<br \/>Wiele-Wybudowanie<br \/>Wybudowania D\u0105browskie<br \/>Wygoda<br \/>Zabrody<br \/>Zamo\u015b\u0107<br \/>\u017bebrowo<\/p><\/div>\n\t\t\t\t<\/div>\n\t\t\t\t\t\t\t<div class=\"elementor-toggle-item\">\n\t\t\t\t\t<div id=\"elementor-tab-title-1712\" class=\"elementor-tab-title\" data-tab=\"2\" role=\"tab\" aria-controls=\"elementor-tab-content-1712\" aria-expanded=\"false\">\n\t\t\t\t\t\t\t\t\t\t\t\t<span class=\"elementor-toggle-icon elementor-toggle-icon-left\" aria-hidden=\"true\">\n\t\t\t\t\t\t\t\t\t\t\t\t\t\t\t<span class=\"elementor-toggle-icon-closed\"><i class=\"fas fa-caret-right\"><\/i><\/span>\n\t\t\t\t\t\t\t\t<span class=\"elementor-toggle-icon-opened\"><i class=\"elementor-toggle-icon-opened fas fa-caret-up\"><\/i><\/span>\n\t\t\t\t\t\t\t\t\t\t\t\t\t<\/span>\n\t\t\t\t\t\t\t\t\t\t\t\t<a href=\"\" class=\"elementor-toggle-title\">Gmina Karsin:<\/a>\n\t\t\t\t\t<\/div>\n\t\t\t\t\t<div id=\"elementor-tab-content-1712\" class=\"elementor-tab-content elementor-clearfix\" data-tab=\"2\" role=\"tabpanel\" aria-labelledby=\"elementor-tab-title-1712\"><p>Belfort<br \/>Bia\u0142e B\u0142ota<br \/>Borsztal<br \/>Czarne<br \/>D\u0105br\u00f3wka<br \/>D\u0119bina<br \/>Dunajki<br \/>Dywan<br \/>Dziemiany<br \/>G\u0142uchy B\u00f3r<br \/>Ja\u0142owe<br \/>Jastrz\u0119bie Dziemia\u0144skie<br \/>Kalisz<br \/>Kalwaria<br \/>Kloc<br \/>Kolano<br \/>Koz\u0142owiec<br \/>Lampkowo<br \/>Laska<br \/>Le\u017cuchowo<br \/>Milkowo<br \/>Mutkowo<br \/>Nowe S\u0142one<br \/>Ostr\u00f3w<br \/>Parowa<br \/>Pe\u0142k<br \/>Piechowice<br \/>P\u0142\u0119sy<br \/>Przer\u0119bska Huta<br \/>Radu\u0144<br \/>Radu\u0144-Osiedle<br \/>Rozwalewo<br \/>R\u00f3w<br \/>Schodno<br \/>S\u0142onecznik<br \/>S\u0142upinko<br \/>Stare S\u0142one<br \/>Stony<br \/>Szablewo<br \/>Tkalnia<br \/>Tomaszewo<br \/>Trzebu\u0144<br \/>Turzonka<br \/>Wilczewo<br \/>Zaj\u0105czkowo<br \/>Zaro\u015ble<br \/>Zatrzebionka<br \/>Zimny Dw\u00f3r<br \/>\u017babowo<\/p><\/div>\n\t\t\t\t<\/div>\n\t\t\t\t\t\t\t<div class=\"elementor-toggle-item\">\n\t\t\t\t\t<div id=\"elementor-tab-title-1713\" class=\"elementor-tab-title\" data-tab=\"3\" role=\"tab\" aria-controls=\"elementor-tab-content-1713\" aria-expanded=\"false\">\n\t\t\t\t\t\t\t\t\t\t\t\t<span class=\"elementor-toggle-icon elementor-toggle-icon-left\" aria-hidden=\"true\">\n\t\t\t\t\t\t\t\t\t\t\t\t\t\t\t<span class=\"elementor-toggle-icon-closed\"><i class=\"fas fa-caret-right\"><\/i><\/span>\n\t\t\t\t\t\t\t\t<span class=\"elementor-toggle-icon-opened\"><i class=\"elementor-toggle-icon-opened fas fa-caret-up\"><\/i><\/span>\n\t\t\t\t\t\t\t\t\t\t\t\t\t<\/span>\n\t\t\t\t\t\t\t\t\t\t\t\t<a href=\"\" class=\"elementor-toggle-title\"> Gmina Ko\u015bcierzyna:<\/a>\n\t\t\t\t\t<\/div>\n\t\t\t\t\t<div id=\"elementor-tab-content-1713\" class=\"elementor-tab-content elementor-clearfix\" data-tab=\"3\" role=\"tabpanel\" aria-labelledby=\"elementor-tab-title-1713\"><p>B\u0119dominek<br \/>Czaplewo<br \/>Czarlina<br \/>Czarlina-Osada<br \/>Czarne Pustkowie<br \/>Cz\u0119stkowo<br \/>D\u0105br\u00f3wka<br \/>D\u0119bog\u00f3ry<br \/>D\u0119brzyno<br \/>Dobrogoszcz<br \/>Fingrowa Huta<br \/>Garczyn<br \/>Glinki<br \/>Go\u0142u\u0144<br \/>Gostomie<br \/>Go\u015bcieradz<br \/>Graniczny M\u0142yn<br \/>Grzybowo<br \/>Grzybowski M\u0142yn<br \/>Jeziorki<br \/>Juszki<br \/>Kaliska Ko\u015bcierskie<br \/>Kania<br \/>K\u0142obuczyno<br \/>Korne<br \/>Ko\u015bcierska Huta<br \/>Ko\u015bcierzyna-Stare Nadle\u015bnictwo<br \/>Ko\u015bcierzyna-Wybudowanie<br \/>Kowalki<br \/>Kruszyna<br \/>Krzy\u017c<br \/>Kula-M\u0142yn<br \/>Lizaki<br \/>Loryniec<br \/>Ludwikowo<br \/>\u0141ubiana<br \/>Ma\u0142e Stawiska<br \/>Ma\u0142y Klincz<br \/>Ma\u0142y Podle\u015b<br \/>Ma\u0142y Puc<br \/>M\u0142yn-Skorzewo<br \/>Niedamowo<br \/>Nowa Karczma<br \/>Nowa Kiszewa<br \/>Nowa Wie\u015b Ko\u015bcierska<br \/>Nowe Niedamowo<br \/>Nowy Klincz<br \/>Nowy Podle\u015b<br \/>Ow\u015bnice<br \/>Piek\u0142o<br \/>Plon<br \/>Puc<br \/>Rotembark<br \/>Rybaki<br \/>Sarnowy<br \/>Skoczkowo<br \/>Skorzewo<br \/>Smolniki<br \/>Stawiska<br \/>Sycowa Huta<br \/>Szarlota<br \/>Szenajda<br \/>Szludron<br \/>Wawrzynowo<br \/>W\u0105glikowice<br \/>Wdzydze<br \/>W\u0119tfie<br \/>Wielki Klincz<br \/>Wielki Podle\u015b<br \/>Wieprznica<br \/>Wierzysko-Le\u015bnictwo<br \/>Wygoda<br \/>Zabrody<br \/>Zielenin<br \/>Z\u0142otowo<\/p><\/div>\n\t\t\t\t<\/div>\n\t\t\t\t\t\t\t<div class=\"elementor-toggle-item\">\n\t\t\t\t\t<div id=\"elementor-tab-title-1714\" class=\"elementor-tab-title\" data-tab=\"4\" role=\"tab\" aria-controls=\"elementor-tab-content-1714\" aria-expanded=\"false\">\n\t\t\t\t\t\t\t\t\t\t\t\t<span class=\"elementor-toggle-icon elementor-toggle-icon-left\" aria-hidden=\"true\">\n\t\t\t\t\t\t\t\t\t\t\t\t\t\t\t<span class=\"elementor-toggle-icon-closed\"><i class=\"fas fa-caret-right\"><\/i><\/span>\n\t\t\t\t\t\t\t\t<span class=\"elementor-toggle-icon-opened\"><i class=\"elementor-toggle-icon-opened fas fa-caret-up\"><\/i><\/span>\n\t\t\t\t\t\t\t\t\t\t\t\t\t<\/span>\n\t\t\t\t\t\t\t\t\t\t\t\t<a href=\"\" class=\"elementor-toggle-title\">Gmina Liniewo:<\/a>\n\t\t\t\t\t<\/div>\n\t\t\t\t\t<div id=\"elementor-tab-content-1714\" class=\"elementor-tab-content elementor-clearfix\" data-tab=\"4\" role=\"tabpanel\" aria-labelledby=\"elementor-tab-title-1714\"><p>Brz\u0119czek<br \/>Bukowe Pole<br \/>Chr\u00f3sty Wysi\u0144skie<br \/>Chrztowo<br \/>Deka<br \/>Garczyn<br \/>G\u0142\u0119boczek<br \/>G\u0142odowo<br \/>Gorczonki<br \/>G\u00f3rny Wiec<br \/>I\u0142ownica<br \/>Janowo<br \/>Kronowo<br \/>Liniewo<br \/>Liniewskie G\u00f3ry<br \/>Lubieszyn<br \/>Lubieszynek<br \/>Ma\u0142e Liniewo<br \/>Mestwinowo<br \/>Milonki<br \/>Orle<br \/>P\u0142achty<br \/>Rogazy<br \/>R\u00f3wne<br \/>Rymanowiec<br \/>Sob\u0105cz<br \/>Stary Wiec<br \/>Stefanowo<br \/>Wysin<\/p><\/div>\n\t\t\t\t<\/div>\n\t\t\t\t\t\t\t\t<\/div>\n\t\t\t\t<\/div>\n\t\t\t\t<\/div>\n\t\t\t\t\t\t<\/div>\n\t\t\t\t\t<\/div>\n\t\t<\/div>\n\t\t\t\t<div class=\"elementor-column elementor-col-50 elementor-inner-column elementor-element elementor-element-4a8a387\" data-id=\"4a8a387\" data-element_type=\"column\">\n\t\t\t<div class=\"elementor-column-wrap elementor-element-populated\">\n\t\t\t\t\t\t\t<div class=\"elementor-widget-wrap\">\n\t\t\t\t\t\t<div class=\"elementor-element elementor-element-f739a4c elementor-widget elementor-widget-toggle\" data-id=\"f739a4c\" data-element_type=\"widget\" data-widget_type=\"toggle.default\">\n\t\t\t\t<div class=\"elementor-widget-container\">\n\t\t\t\t\t<div class=\"elementor-toggle\" role=\"tablist\">\n\t\t\t\t\t\t\t<div class=\"elementor-toggle-item\">\n\t\t\t\t\t<div id=\"elementor-tab-title-2591\" class=\"elementor-tab-title\" data-tab=\"1\" role=\"tab\" aria-controls=\"elementor-tab-content-2591\" aria-expanded=\"false\">\n\t\t\t\t\t\t\t\t\t\t\t\t<span class=\"elementor-toggle-icon elementor-toggle-icon-left\" aria-hidden=\"true\">\n\t\t\t\t\t\t\t\t\t\t\t\t\t\t\t<span class=\"elementor-toggle-icon-closed\"><i class=\"fas fa-caret-right\"><\/i><\/span>\n\t\t\t\t\t\t\t\t<span class=\"elementor-toggle-icon-opened\"><i class=\"elementor-toggle-icon-opened fas fa-caret-up\"><\/i><\/span>\n\t\t\t\t\t\t\t\t\t\t\t\t\t<\/span>\n\t\t\t\t\t\t\t\t\t\t\t\t<a href=\"\" class=\"elementor-toggle-title\">Gmina Lipusz:<\/a>\n\t\t\t\t\t<\/div>\n\t\t\t\t\t<div id=\"elementor-tab-content-2591\" class=\"elementor-tab-content elementor-clearfix\" data-tab=\"1\" role=\"tabpanel\" aria-labelledby=\"elementor-tab-title-2591\"><p>Bagna<br \/>Ba\u0142achy<br \/>Bartkowa Stajnia<br \/>Borowiec<br \/>Byt\u00f3wka<br \/>Czajki-B\u0142oto<br \/>D\u0119bowa G\u00f3ra<br \/>Du\u017cy Jab\u0142uszek<br \/>Gostomko<br \/>Grajewo<br \/>Jasna Gwiazda<br \/>Konitop<br \/>Krosewo<br \/>Krugliniec<br \/>Kula<br \/>Lipuska Huta<br \/>Lipusz<br \/>Lubiszewo<br \/>Ma\u0142y Jab\u0142uszek<br \/>Mechowo<br \/>Miegowo<br \/>Nowe Karpno<br \/>Nowy Dw\u00f3r<br \/>Nowy \u017belewiec<br \/>Papiernia<br \/>P\u0142ocice<br \/>P\u0142ocice<br \/>P\u0142ociczno<br \/>Rzepiska<br \/>Rzym<br \/>Skoczkowo<br \/>Stare Karpno<br \/>Szady Kierz<br \/>Szczeblewo<br \/>Szklana Huta<br \/>Szwedzki Ostr\u00f3w<br \/>\u015aluza<br \/>Trawice<br \/>Tuszkowy<br \/>Wyr\u00f3wno<br \/>Zdroje<br \/>Zielony Dw\u00f3r<br \/>\u017babowo<br \/>\u017belewiec<br \/>\u017b\u00f3\u0142no<\/p><\/div>\n\t\t\t\t<\/div>\n\t\t\t\t\t\t\t<div class=\"elementor-toggle-item\">\n\t\t\t\t\t<div id=\"elementor-tab-title-2592\" class=\"elementor-tab-title\" data-tab=\"2\" role=\"tab\" aria-controls=\"elementor-tab-content-2592\" aria-expanded=\"false\">\n\t\t\t\t\t\t\t\t\t\t\t\t<span class=\"elementor-toggle-icon elementor-toggle-icon-left\" aria-hidden=\"true\">\n\t\t\t\t\t\t\t\t\t\t\t\t\t\t\t<span class=\"elementor-toggle-icon-closed\"><i class=\"fas fa-caret-right\"><\/i><\/span>\n\t\t\t\t\t\t\t\t<span class=\"elementor-toggle-icon-opened\"><i class=\"elementor-toggle-icon-opened fas fa-caret-up\"><\/i><\/span>\n\t\t\t\t\t\t\t\t\t\t\t\t\t<\/span>\n\t\t\t\t\t\t\t\t\t\t\t\t<a href=\"\" class=\"elementor-toggle-title\">Gmina Nowa Karczma:<\/a>\n\t\t\t\t\t<\/div>\n\t\t\t\t\t<div id=\"elementor-tab-content-2592\" class=\"elementor-tab-content elementor-clearfix\" data-tab=\"2\" role=\"tabpanel\" aria-labelledby=\"elementor-tab-title-2592\"><p>B\u0119domin<br \/>Burowo<br \/>Grabowo Ko\u015bcierskie<br \/>Grabowska Huta<br \/>Grab\u00f3wko<br \/>Guzy<br \/>Horniki Dolne<br \/>Horniki G\u00f3rne<br \/>Jasiowa Huta<br \/>Jedn\u00f3wka<br \/>Kamionka<br \/>Kamiony<br \/>Liniewko Kaszubskie<br \/>Liniewko Ko\u015bcierskie<br \/>Luba\u0144<br \/>Lubieszyn-Wybudowanie<br \/>Lubieszynek<br \/>M\u0142ynki<br \/>Nowa Karczma<br \/>Nowe Horniki<br \/>Nowy Barkoczyn<br \/>Nowy Barkoczyn<br \/>Olszowy Kierz<br \/>Rekownica<br \/>Ryzakowo<br \/>Skrzyd\u0142owo<br \/>Skrzyd\u0142\u00f3wko<br \/>Stary Barkoczyn<br \/>Szatarpy<br \/>Szpon<br \/>Sztofrowa Huta<br \/>Szumle\u015b Kr\u00f3lewski<br \/>Szumle\u015b Szlachecki<br \/>\u015aledziowa Huta<br \/>Zielona Wie\u015b<br \/>Zimne Zdroje<\/p><\/div>\n\t\t\t\t<\/div>\n\t\t\t\t\t\t\t<div class=\"elementor-toggle-item\">\n\t\t\t\t\t<div id=\"elementor-tab-title-2593\" class=\"elementor-tab-title\" data-tab=\"3\" role=\"tab\" aria-controls=\"elementor-tab-content-2593\" aria-expanded=\"false\">\n\t\t\t\t\t\t\t\t\t\t\t\t<span class=\"elementor-toggle-icon elementor-toggle-icon-left\" aria-hidden=\"true\">\n\t\t\t\t\t\t\t\t\t\t\t\t\t\t\t<span class=\"elementor-toggle-icon-closed\"><i class=\"fas fa-caret-right\"><\/i><\/span>\n\t\t\t\t\t\t\t\t<span class=\"elementor-toggle-icon-opened\"><i class=\"elementor-toggle-icon-opened fas fa-caret-up\"><\/i><\/span>\n\t\t\t\t\t\t\t\t\t\t\t\t\t<\/span>\n\t\t\t\t\t\t\t\t\t\t\t\t<a href=\"\" class=\"elementor-toggle-title\">Gmina Stara Kiszewa:<\/a>\n\t\t\t\t\t<\/div>\n\t\t\t\t\t<div id=\"elementor-tab-content-2593\" class=\"elementor-tab-content elementor-clearfix\" data-tab=\"3\" role=\"tabpanel\" aria-labelledby=\"elementor-tab-title-2593\"><p>Bartoszylas<br \/>B\u0105k<br \/>Bestra Suka<br \/>Bo\u017cepole Szlacheckie<br \/>Chr\u00f3sty<br \/>Chwarzenko<br \/>Chwarzno<br \/>Ci\u0119gard\u0142o<br \/>Czerniki<br \/>Dolne Maliki<br \/>Drzewiny<br \/>Dubryk<br \/>Foshuta<br \/>G\u00f3ra<br \/>G\u00f3rne Maliki<br \/>Grzybno<br \/>Kalk<br \/>Kobyle<br \/>Konarzyny<br \/>Kozi Rynek<br \/>Kozia<br \/>Lipy<br \/>Lisewo<br \/>\u0141asinek<br \/>Madera<br \/>Nowe Polaszki<br \/>Nowiny<br \/>Nowy Bukowiec<br \/>Nowy Dworzec<br \/>Olpuch<br \/>Olpuch-Dworzec<br \/>Pa\u0142ubin<br \/>Pikowo<br \/>Pionki<br \/>Portugala<br \/>Ruda<br \/>Samanica<br \/>Stara Kiszewa<br \/>Stare Polaszki<br \/>Stary Bukowiec<br \/>Struga<br \/>Strzelki<br \/>Tramkule<br \/>Warszawa<br \/>Wdzydze-Wymijanka<br \/>Wilcze B\u0142ota Ko\u015bcierskie<br \/>Wygonin<br \/>Zamek Kiszewski<br \/>Zomrze<\/p><\/div>\n\t\t\t\t<\/div>\n\t\t\t\t\t\t\t<div class=\"elementor-toggle-item\">\n\t\t\t\t\t<div id=\"elementor-tab-title-2594\" class=\"elementor-tab-title\" data-tab=\"4\" role=\"tab\" aria-controls=\"elementor-tab-content-2594\" aria-expanded=\"false\">\n\t\t\t\t\t\t\t\t\t\t\t\t<span class=\"elementor-toggle-icon elementor-toggle-icon-left\" aria-hidden=\"true\">\n\t\t\t\t\t\t\t\t\t\t\t\t\t\t\t<span class=\"elementor-toggle-icon-closed\"><i class=\"fas fa-caret-right\"><\/i><\/span>\n\t\t\t\t\t\t\t\t<span class=\"elementor-toggle-icon-opened\"><i class=\"elementor-toggle-icon-opened fas fa-caret-up\"><\/i><\/span>\n\t\t\t\t\t\t\t\t\t\t\t\t\t<\/span>\n\t\t\t\t\t\t\t\t\t\t\t\t<a href=\"\" class=\"elementor-toggle-title\">Miasto Ko\u015bcierzyna<\/a>\n\t\t\t\t\t<\/div>\n\t\t\t\t\t<div id=\"elementor-tab-content-2594\" class=\"elementor-tab-content elementor-clearfix\" data-tab=\"4\" role=\"tabpanel\" aria-labelledby=\"elementor-tab-title-2594\"><p>ul. 3 Maja<br \/>ul. 31 Stycznia<br \/>ul. 66 Kaszubskiego Pu\u0142ku Piechoty<br \/>ul. 8 Marca<br \/>ul. Adama Asnyka<br \/>ul. Adama Mickiewicza<br \/>ul. Aleksandra Fredry<br \/>ul. Aleksandra Majkowskiego<br \/>ul. Alojzego Piechowskiego<br \/>ul. Antoniego Abrahama<br \/>ul. Apolinarego Siekierkowskiego<br \/>ul. Artura Grottgera<br \/>ul. Bazowa<br \/>ul. Bia\u0142a<br \/>ul. B\u0142\u0119kitna<br \/>ul. Boles\u0142awa Prusa<br \/>ul. Browarna<br \/>ul. Brzozowa<br \/>ul. Budowlanych<br \/>ul. Bursztynowa<br \/>ul. Cegielnia<br \/>ul. Ch\u0142odna<br \/>ul. Chojnicka<br \/>droga Chrystiana Ignacego Jereczka<br \/>ul. Cicha<br \/>ul. Cypriana Kamila Norwida<br \/>ul. Czapliniec<br \/>ul. D\u0119bowa<br \/>ul. D\u0142uga<br \/>ul. dr. Leona Heykego<br \/>ul. Drogowc\u00f3w<br \/>ul. Dworcowa<br \/>ul. Elizy Orzeszkowej<br \/>ul. Fabryczna<br \/>ul. Fio\u0142kowa<br \/>ul. Floriana Ceynowy<br \/>ul. Franciszka Borzyszkowskiego<br \/>ul. Franciszka Marchewicza<br \/>ul. Franciszka S\u0119dzickiego<br \/>ul. Fryderyka Chopina<br \/>ul. Gajowa<br \/>ul. Ga\u0142\u0119\u017ana<br \/>ul. Gda\u0144ska<br \/>ul. gen. Stanis\u0142awa Maczka<br \/>rondo Gminy C\u00f6lbe<br \/>rondo Gryfa<br \/>ul. Gryfa Pomorskiego<br \/>ul. Gwiezdna<br \/>ul. Henryka Sienkiewicza<br \/>ul. Henryka Wieniawskiego<br \/>ul. Hieronima Derdowskiego<br \/>ul. Hugo Ko\u0142\u0142\u0105taja<br \/>ul. Ignacego Krasickiego<br \/>ul. Ignacego Paderewskiego<br \/>ul. Ignacego Przebendowskiego<br \/>rondo im. J\u00f3zefa Wybickiego<br \/>rondo im. NSZZ &#8222;Solidarno\u015b\u0107&#8221;<br \/>ul. In\u017cynierska<br \/>ul. Jacka Malczewskiego<br \/>ul. Jagodowa<br \/>ul. Jakuba Tatarkiewicza<br \/>ul. Jakuba Wejhera<br \/>ul. Jana Brzechwy<br \/>ul. Jana Go\u0144cza<br \/>ul. Jana i Stanis\u0142awa Gostkowskich<br \/>ul. Jana Karnowskiego<br \/>ul. Jana Kochanowskiego<br \/>ul. Jana Matejki<br \/>ul. Jana Micha\u0142owicza<br \/>ul. Ja\u015bminowa<br \/>ul. Jesionowa<br \/>ul. Jeziorna<br \/>ul. Je\u017cynowa<br \/>ul. J\u00f3zefa Che\u0142mo\u0144skiego<br \/>ul. J\u00f3zefa Hallera<br \/>ul. J\u00f3zefa Ignacego Kraszewskiego<br \/>ul. J\u00f3zefa Tkaczyka<br \/>ul. J\u00f3zefa Wybickiego<br \/>ul. Juliana Fa\u0142ata<br \/>ul. Juliana Tuwima<br \/>ul. Juliusza Kossaka<br \/>ul. Juliusza S\u0142owackiego<br \/>ul. Kalinowa<br \/>ul. Kamienna<br \/>ul. Kapliczna<br \/>ul. Karola Szymanowskiego<br \/>ul. Karpiowa<br \/>ul. Kartuska<br \/>ul. Kasztanowa<br \/>rondo Kaszubskie<br \/>ul. Katarzyny \u017byndy<br \/>ul. Kazimierza Przerwy-Tetmajera<br \/>ul. Klasztorna<br \/>ul. Klemensa Lniskiego<br \/>ul. Klonowa<br \/>ul. Kolejowa<br \/>ul. Konstantego Ildefonsa Ga\u0142czy\u0144skiego<br \/>ul. Konwaliowa<br \/>ul. Ko\u015bcielna<br \/>ul. Kowalska<br \/>ul. Kr\u00f3tka<br \/>ul. ks. Bernarda Sychty<br \/>ul. ks. Hilarego Jastaka<br \/>rondo ks. Jana M\u00fcllera CR<br \/>ul. ks. J\u00f3zefa Wryczy<br \/>ul. ks. Konstantego Damrota<br \/>ul. ks. W\u0142adys\u0142awa Landowskiego<br \/>ul. Ksi\u0119\u017cycowa<br \/>ul. Kupiecka<br \/>ul. Lawendowa<br \/>ul. Legion\u00f3w Polskich<br \/>ul. Leopolda Staffa<br \/>ul. Le\u015bna<br \/>ul. Le\u015bne Wzg\u00f3rze<br \/>ul. Letnia<br \/>ul. Lipowa<br \/>ul. Lubomira Szopi\u0144skiego<br \/>ul. Ludomira R\u00f3\u017cyckiego<br \/>ul. \u0141agodna<br \/>ul. \u0141\u0105kowa<br \/>ul. Malinowa<br \/>ul. Ma\u0142a Dworcowa<br \/>ul. Ma\u0142a Kolejowa<br \/>ul. Ma\u0142a M\u0142y\u0144ska<br \/>ul. Mariana Wnuka<br \/>ul. Marii Bolewskiej<br \/>ul. Marii Konopnickiej<br \/>ul. Marii Sk\u0142odowskiej-Curie<br \/>ul. Markubowo<br \/>ul. marsz. J\u00f3zefa Pi\u0142sudskiego<br \/>rondo Marsza\u0142ka J\u00f3zefa Pi\u0142sudskiego<br \/>ul. Mazurka D\u0105browskiego<br \/>ul. Melchiora Wa\u0144kowicza<br \/>ul. Mestwina II<br \/>ul. Miedziana<br \/>ul. Miko\u0142aja Kopernika<br \/>ul. Miko\u0142aja Reja<br \/>ul. Mi\u0142a<br \/>ul. Miodowa<br \/>ul. M\u0142odokaszub\u00f3w<br \/>ul. M\u0142y\u0144ska<br \/>ul. Mostowa<br \/>ul. Ogrodowa<br \/>ul. Osiedle Tysi\u0105clecia<br \/>ul. Partyzant\u00f3w<br \/>ul. Piaskowa<br \/>ul. Piotra Micha\u0142owskiego<br \/>ul. Piotra Skargi<br \/>ul. Piotra Wysockiego<br \/>ul. Plebanka<br \/>ul. Pogodna<br \/>ul. Polskiego Czerwonego Krzy\u017ca<br \/>ul. Powojowa<br \/>ul. Poziomkowa<br \/>ul. Przemys\u0142owa<br \/>ul. Ratuszowa<br \/>ul. Remusa<br \/>ul. Rolnicza<br \/>ul. Romualda Traugutta<br \/>ul. R\u00f3\u017cana<br \/>ul. Rudolfa Lassa<br \/>pl. Rynek<br \/>ul. Rynek<br \/>ul. Rynkowa<br \/>ul. Rzemie\u015blnicza<br \/>ul. Sasankowa<br \/>ul. Skarszewska<br \/>ul. Sk\u0142adowa<br \/>ul. S\u0142odowa<br \/>ul. S\u0142oneczna<br \/>ul. Sob\u00f3tki<br \/>ul. Sosnowa<br \/>ul. Spichlerzowa<br \/>ul. Spokojna<br \/>ul. Srebrzysta<br \/>ul. Stalowa<br \/>ul. Stanis\u0142awa Ma\u0142achowskiego<br \/>ul. Stanis\u0142awa Moniuszki<br \/>ul. Stanis\u0142awa Staszica<br \/>ul. Stanis\u0142awa Wyspia\u0144skiego<br \/>ul. Stefana \u017beromskiego<br \/>ul. Stolarska<br \/>ul. Storczykowa<br \/>ul. Strzelecka<br \/>ul. Strzelnica<br \/>ul. Szkolna<br \/>ul. Szydlice<br \/>ul. \u015awierkowa<br \/>ul. \u015awi\u0119toja\u0144ska<br \/>ul. \u015awi\u0119tope\u0142ka<br \/>ul. Tadeusza Ko\u015bciuszki<br \/>ul. Targowa<br \/>ul. Teodora Bolduana<br \/>ul. Teodory i Izydora Gulgowskich<br \/>ul. Tomasza Rogali<br \/>ul. Tomasza Targowskiego<br \/>ul. Topolowa<br \/>ul. Towarowa<br \/>ul. Transportowc\u00f3w<br \/>ul. Widokowa<br \/>ul. Wiejska<br \/>ul. Wierzysko<br \/>ul. Wiosenna<br \/>ul. Wita Stwosza<br \/>ul. Witkacego<br \/>ul. Witolda Ma\u0142cu\u017cy\u0144skiego<br \/>ul. W\u0142adys\u0142awa Broniewskiego<br \/>ul. W\u0142adys\u0142awa Glocka<br \/>ul. W\u0142adys\u0142awa Reymonta<br \/>ul. W\u0142adys\u0142awa Sikorskiego<br \/>ul. W\u0142adys\u0142awa Szulca<br \/>ul. Wodna<br \/>ul. Wojska Polskiego<br \/>ul. Wrzosowa<br \/>ul. Wzg\u00f3rze Ksi\u0119\u017cniczki Gertrudy<br \/>ul. Xawerego Dunikowskiego<br \/>os. Za Lasem<br \/>ul. Zak\u0142adowa<br \/>ul. Zawilcowa<br \/>ul. Zgromadzenia Ksi\u0119\u017cy Zmartwychwsta\u0144c\u00f3w<br \/>ul. Zielona<br \/>ul. Z\u0142ocista<br \/>ul. Zofii Na\u0142kowskiej<br \/>ul. \u0179r\u00f3dlana<br \/>ul. \u017burawia<br \/>ul. \u017burawinowa<\/p><\/div>\n\t\t\t\t<\/div>\n\t\t\t\t\t\t\t\t<\/div>\n\t\t\t\t<\/div>\n\t\t\t\t<\/div>\n\t\t\t\t\t\t<\/div>\n\t\t\t\t\t<\/div>\n\t\t<\/div>\n\t\t\t\t\t\t\t\t<\/div>\n\t\t\t\t\t<\/div>\n\t\t<\/section>\n\t\t\t\t\t\t<\/div>\n\t\t\t\t\t<\/div>\n\t\t<\/div>\n\t\t\t\t\t\t\t\t<\/div>\n\t\t\t\t\t<\/div>\n\t\t<\/section>\n\t\t\t\t\t\t<\/div>\n\t\t\t\t\t\t<\/div>\n\t\t\t\t\t<\/div>\n\t\t","protected":false},"excerpt":{"rendered":"<p>W\u0142a\u015bciwo\u015b\u0107 Komornik S\u0105dowy Mateusz Zar\u0119bski prowadzi w granicach w\u0142a\u015bciwo\u015bci S\u0105du Rejonowego w Ko\u015bcierzynie egzekucj\u0119 wszystkich spraw, w tym sprawy o egzekucj\u0119 z nieruchomo\u015bci oraz eksmisje. Wierzyciel zgodnie z art.10 ust.1 ustawy z dnia 22 marca 2018 r. o komornikach s\u0105dowych ma prawo wyboru komornika na obszarze w\u0142a\u015bciwo\u015bci s\u0105du apelacyjnego, na kt\u00f3rym znajduje si\u0119 siedziba kancelarii [&hellip;]<\/p>\n","protected":false},"author":1,"featured_media":0,"parent":0,"menu_order":0,"comment_status":"closed","ping_status":"closed","template":"","meta":{"footnotes":""},"class_list":["post-10","page","type-page","status-publish","hentry"],"_links":{"self":[{"href":"https:\/\/komornikkoscierzyna.com\/index.php\/wp-json\/wp\/v2\/pages\/10","targetHints":{"allow":["GET"]}}],"collection":[{"href":"https:\/\/komornikkoscierzyna.com\/index.php\/wp-json\/wp\/v2\/pages"}],"about":[{"href":"https:\/\/komornikkoscierzyna.com\/index.php\/wp-json\/wp\/v2\/types\/page"}],"author":[{"embeddable":true,"href":"https:\/\/komornikkoscierzyna.com\/index.php\/wp-json\/wp\/v2\/users\/1"}],"replies":[{"embeddable":true,"href":"https:\/\/komornikkoscierzyna.com\/index.php\/wp-json\/wp\/v2\/comments?post=10"}],"version-history":[{"count":25,"href":"https:\/\/komornikkoscierzyna.com\/index.php\/wp-json\/wp\/v2\/pages\/10\/revisions"}],"predecessor-version":[{"id":256,"href":"https:\/\/komornikkoscierzyna.com\/index.php\/wp-json\/wp\/v2\/pages\/10\/revisions\/256"}],"wp:attachment":[{"href":"https:\/\/komornikkoscierzyna.com\/index.php\/wp-json\/wp\/v2\/media?parent=10"}],"curies":[{"name":"wp","href":"https:\/\/api.w.org\/{rel}","templated":true}]}}